{"id":30942,"date":"2024-11-20T13:39:07","date_gmt":"2024-11-20T12:39:07","guid":{"rendered":"https:\/\/plsn.eu\/?page_id=30942"},"modified":"2025-07-01T11:42:47","modified_gmt":"2025-07-01T09:42:47","slug":"direkte-de-minimis-beihilfen","status":"publish","type":"page","link":"https:\/\/plsn.eu\/de\/fur-den-begunstigten\/staatliche-beihilfen\/direkte-de-minimis-beihilfen\/","title":{"rendered":"\u00c4nderungen der Verordnung zur Feststellung der Vereinbarkeit bestimmter Gruppen von Beihilfen"},"content":{"rendered":"\n<p><strong>Am 9. M\u00e4rz 2023 hat die Europ\u00e4ische Kommission die \u00c4nderungen der Verordnung (EU) Nr. 651\/2014 vom 17. Juni 2014 zur Feststellung der Vereinbarkeit bestimmter Gruppen von Beihilfen mit dem Binnenmarkt best\u00e4tigt.<\/strong><\/p>\n\n\n\n<p><strong>Was nun?<\/strong><\/p>\n\n\n\n<p>Die formale Annahme der Verordnung wird erfolgen, sobald die \u00dcbersetzung des Textes in alle Amtssprachen abgeschlossen ist. Die Kommission geht davon aus, dass dies in den kommenden Wochen geschehen wird. Danach wird die \u00c4nderung einen Tag nach ihrer Ver\u00f6ffentlichung im Amtsblatt der Europ\u00e4ischen Union in Kraft treten.<\/p>\n\n\n\n<p><strong>Staatliche Beihilfen bei Interreg-Programmen, die durch Polen verwaltet werden<\/strong><\/p>\n\n\n\n<p>Bei Interreg-Programmen wird die Gew\u00e4hrung der staatlichen Beihilfen f\u00fcr die Projektpartner im Rahmen des betroffenen genehmigten F\u00f6rderprogramm<a href=\"https:\/\/de.plsn.eu\/staatliche-beihilfe\/-\/asset_publisher\/PIIagOQDoZAr\/content\/europaische-kommission-andert-verordnung-yur-zur-feststellung-der-vereinbarkeit-bestimmter-gruppen-von-beihilfen?inheritRedirect=false&amp;redirect=https%3A%2F%2Fde.plsn.eu%2Fstaatliche-beihilfe%3Fp_p_id%3D101_INSTANCE_PIIagOQDoZAr%26p_p_lifecycle%3D0%26p_p_state%3Dnormal%26p_p_mode%3Dview%26p_p_col_id%3Dcolumn-1%26p_p_col_count%3D1#_ftn1\">[1]<\/a>&nbsp;geregelt,&nbsp; f\u00fcr welches die Bestimmungen der AGVO Anwendung finden.<\/p>\n\n\n\n<p>Eine wichtige \u00c4nderung f\u00fcr die Projektpartner ist die Anhebung der H\u00f6chstgrenzen der zul\u00e4ssigen F\u00f6rderung, die in den Artikeln 20 und 20a der AGVO festgelegt sind. Dies bedeutet, dass die neue Obergrenze f\u00fcr die F\u00f6rderung im Falle eines beihilferelevanten Projekts entsprechend 2,2 Mio. EUR pro Partner und Projekt (Artikel 20 AGVO) und 22.000 EUR pro Partner und Projekt (Artikel 20a AGVO) betr\u00e4gt.<\/p>\n\n\n\n<p>Die neuen Obergrenzen finden nach Inkrafttreten der AGVO-\u00c4nderung Anwendung. Das hei\u00dft, falls die AGVO-\u00c4nderung zum Zeitpunkt der Unterzeichnung des Zuwendungsvertrages bereits in Kraft ist, kann der Projektpartner von den erh\u00f6hten H\u00f6chstgrenzen Gebrauch machen.<\/p>\n\n\n\n<p><strong>Zur Erinnerung!<\/strong><\/p>\n\n\n\n<p>Die so genannte direkte Beihilfe f\u00fcr ein Projekt wird von der Verwaltungsbeh\u00f6rde gew\u00e4hrt und wird im Art. 20 AGVO geregelt. F\u00fcr indirekte Beihilfen, die vom Projektpartner an den Endbeg\u00fcnstigten gew\u00e4hrt werden k\u00f6nnen, findet Art. 20a AGVO Anwendung.<\/p>\n\n\n\n<p>Direkte Beihilfen k\u00f6nnen auch in Form von De-minimis-Beihilfen gew\u00e4hrt werden.<\/p>\n\n\n\n<p><strong>Was \u00e4ndert sich sonst noch?<\/strong><\/p>\n\n\n\n<ul class=\"wp-block-list\">\n<li>Die Bestimmungen der AGVO werden bis Ende 2026 gelten.<\/li>\n\n\n\n<li>Die Europ\u00e4ische Kommission hat in dem ge\u00e4nderten Artikel 7 Absatz 1 der AGVO klargestellt, dass in den F\u00e4llen, in denen die Mehrwertsteuer (abzugsf\u00e4hige USt.-Vorsteuer) nach Ma\u00dfgabe der nationalen Vorschriften erstattet werden kann, wird dieser Vorsteuerbetrag bei der Berechnung der Beihilfeintensit\u00e4t und der beihilfef\u00e4higen Kosten nicht ber\u00fccksichtigt. Somit ist die geleistete USt.-Vorsteuer in Projekten mit festgestellter Beihilferelevanz, keine beihilfef\u00e4hige Ausgabe.<\/li>\n<\/ul>\n\n\n\n<p>Weitere Informationen und der genehmigte Wortlaut der ge\u00e4nderten Verordnung sind auf der Website der Generaldirektion Wettbewerb zu finden:<\/p>\n\n\n\n<p><a href=\"https:\/\/competition-policy.ec.europa.eu\/state-aid\/legislation\/regulations_en\" rel=\"nofollow noopener\" target=\"_blank\">Regulations &#8211; European Commission<\/a><\/p>\n\n\n\n<hr class=\"wp-block-separator has-alpha-channel-opacity\"\/>\n\n\n\n<p><a href=\"https:\/\/de.plsn.eu\/staatliche-beihilfe\/-\/asset_publisher\/PIIagOQDoZAr\/content\/europaische-kommission-andert-verordnung-yur-zur-feststellung-der-vereinbarkeit-bestimmter-gruppen-von-beihilfen?inheritRedirect=false&amp;redirect=https%3A%2F%2Fde.plsn.eu%2Fstaatliche-beihilfe%3Fp_p_id%3D101_INSTANCE_PIIagOQDoZAr%26p_p_lifecycle%3D0%26p_p_state%3Dnormal%26p_p_mode%3Dview%26p_p_col_id%3Dcolumn-1%26p_p_col_count%3D1#_ftnref1\">[1]<\/a>&nbsp;Verordnung des Ministers f\u00fcr europ\u00e4ische Fonds und Regionalpolitik \u00fcber die Gew\u00e4hrung von De-minimis-Beihilfen und staatlichen Beihilfen im Rahmen der Interreg-Programme f\u00fcr den Zeitraum 2021-2027 vom 11. Dezember 2022<\/p>\n\n\n\n<hr class=\"wp-block-separator has-alpha-channel-opacity\"\/>\n\n\n\n<div style=\"height:60px\" aria-hidden=\"true\" class=\"wp-block-spacer\"><\/div>\n\n\n\n<h2 class=\"wp-block-heading\">Siehe auch<\/h2>\n\n\n<ul class=\"subpages-list__btns js_random-subpages wp-block-page-list\"><li class=\"wp-block-pages-list__item\"><a class=\"wp-block-pages-list__item__link\" href=\"https:\/\/plsn.eu\/de\/fur-den-begunstigten\/staatliche-beihilfen\/was-sind-staatliche-beihilfen\/\">Was ist staatliche Beihilfe?<\/a><\/li><li class=\"wp-block-pages-list__item\"><a class=\"wp-block-pages-list__item__link\" href=\"https:\/\/plsn.eu\/de\/fur-den-begunstigten\/staatliche-beihilfen\/indirekte-staatliche-beihilfe\/\">Indirekte staatliche Beihilfe<\/a><\/li><li class=\"wp-block-pages-list__item\"><a class=\"wp-block-pages-list__item__link\" href=\"https:\/\/plsn.eu\/de\/fur-den-begunstigten\/staatliche-beihilfen\/direkte-de-minimis-beihilfen\/\">\u00c4nderungen der Verordnung zur Feststellung der Vereinbarkeit bestimmter Gruppen von Beihilfen<\/a><\/li><\/ul>","protected":false},"excerpt":{"rendered":"<p>Am 9. M\u00e4rz 2023 hat die Europ\u00e4ische Kommission die \u00c4nderungen der Verordnung (EU) Nr. 651\/2014 vom 17. Juni 2014 zur Feststellung der Vereinbarkeit bestimmter Gruppen von Beihilfen mit dem Binnenmarkt best\u00e4tigt. Was nun? Die formale Annahme der Verordnung wird erfolgen, sobald die \u00dcbersetzung des Textes in alle Amtssprachen abgeschlossen ist. Die Kommission geht davon aus, [&hellip;]<\/p>\n","protected":false},"author":1,"featured_media":0,"parent":30914,"menu_order":3,"comment_status":"closed","ping_status":"closed","template":"page-templates\/template-content-center.php","meta":{"_acf_changed":false,"inline_featured_image":false,"_themeisle_gutenberg_block_has_review":false,"footnotes":"","_links_to":"","_links_to_target":""},"class_list":["post-30942","page","type-page","status-publish","hentry"],"acf":[],"_links":{"self":[{"href":"https:\/\/plsn.eu\/de\/wp-json\/wp\/v2\/pages\/30942","targetHints":{"allow":["GET"]}}],"collection":[{"href":"https:\/\/plsn.eu\/de\/wp-json\/wp\/v2\/pages"}],"about":[{"href":"https:\/\/plsn.eu\/de\/wp-json\/wp\/v2\/types\/page"}],"author":[{"embeddable":true,"href":"https:\/\/plsn.eu\/de\/wp-json\/wp\/v2\/users\/1"}],"replies":[{"embeddable":true,"href":"https:\/\/plsn.eu\/de\/wp-json\/wp\/v2\/comments?post=30942"}],"version-history":[{"count":3,"href":"https:\/\/plsn.eu\/de\/wp-json\/wp\/v2\/pages\/30942\/revisions"}],"predecessor-version":[{"id":36904,"href":"https:\/\/plsn.eu\/de\/wp-json\/wp\/v2\/pages\/30942\/revisions\/36904"}],"up":[{"embeddable":true,"href":"https:\/\/plsn.eu\/de\/wp-json\/wp\/v2\/pages\/30914"}],"wp:attachment":[{"href":"https:\/\/plsn.eu\/de\/wp-json\/wp\/v2\/media?parent=30942"}],"curies":[{"name":"wp","href":"https:\/\/api.w.org\/{rel}","templated":true}]}}